{"id":1151,"date":"2015-01-05T21:32:21","date_gmt":"2015-01-05T19:32:21","guid":{"rendered":"http:\/\/www.naturel.ee\/?page_id=1151"},"modified":"2026-01-31T12:31:35","modified_gmt":"2026-01-31T10:31:35","slug":"prices","status":"publish","type":"page","link":"https:\/\/www.naturel.ee\/fi\/prices\/","title":{"rendered":"Hinnat"},"content":{"rendered":"<section class=\"wpb-content-wrapper\"><p>[vc_row][vc_column][vc_accordion active_tab=&#8221;false&#8221; collapsible=&#8221;yes&#8221;][vc_accordion_tab title=&#8221;Parturipalvelut miehille\/ kampaaja Jelena Eidemiller<\/p>\n<p>&#8221;][vc_row_inner][vc_column_inner][vc_column_text]<\/p>\n<table>\n<tbody>\n<tr>\n<td>Leikkaus koneella<\/td>\n<td>14<\/td>\n<\/tr>\n<tr>\n<td><\/td>\n<td><\/td>\n<\/tr>\n<tr>\n<td>\u041callikampaus\u00a0<span style=\"color: #666666;\">(pesu, mallikampaus, muotoilu)<\/span><\/td>\n<td>20<\/td>\n<\/tr>\n<tr>\n<td><\/td>\n<td><\/td>\n<\/tr>\n<tr>\n<td>Harmaiden hiusten s\u00e4vytys Goldwell MEN RESHADE\u00a0<span style=\"color: #666666;\">( 5 min.)\u00a0<\/span><\/td>\n<td>15<\/td>\n<\/tr>\n<tr>\n<td>Viiksien tasoitus\/Parran tasoitus<\/td>\n<td>7\/7<\/td>\n<\/tr>\n<tr>\n<td>Hiustenleikkaus pojile enint\u00e4\u00e4n 3-vuotiaille\/12-vuotiaille<\/td>\n<td>10\/14<\/td>\n<\/tr>\n<tr>\n<td><\/td>\n<td><\/td>\n<\/tr>\n<tr>\n<td>\n<h4><span style=\"color: #8e61c9;\">Parturipalvelut miehille\/kampaaja Kristina Taimre, Jelena Jakovleva<\/span><\/h4>\n<\/td>\n<td><\/td>\n<\/tr>\n<tr>\n<td>\n<table>\n<tbody>\n<tr>\n<td>Leikkaus koneella<\/td>\n<td>15<\/td>\n<\/tr>\n<tr>\n<td><\/td>\n<td><\/td>\n<\/tr>\n<tr>\n<td>\u041callikampaus\u00a0(pesu, mallikampaus, muotoilu)<\/td>\n<td>20-22<\/td>\n<\/tr>\n<tr>\n<td><\/td>\n<td><\/td>\n<\/tr>\n<tr>\n<td><\/td>\n<td><\/td>\n<\/tr>\n<tr>\n<td>Viiksien tasoitus\/Parran tasoitus<\/td>\n<td>10\/10<\/td>\n<\/tr>\n<tr>\n<td>Hiustenleikkaus pojile enint\u00e4\u00e4n 3-vuotiaille\/12-vuotiaille<\/td>\n<td>15\/17<\/td>\n<\/tr>\n<\/tbody>\n<\/table>\n<\/td>\n<td><\/td>\n<\/tr>\n<\/tbody>\n<\/table>\n<p>[\/vc_column_text][\/vc_column_inner][\/vc_row_inner][\/vc_accordion_tab][vc_accordion_tab title=&#8221;Kampaamopalvelut naisille, \u00a0kampaaja Jelena Eidemiller&#8221;][vc_row_inner][vc_column_inner][vc_column_text]<!--more--><\/p>\n<table style=\"height: 1101px;\" width=\"802\">\n<tbody>\n<tr>\n<td>Leikkaus <span style=\"color: #666666;\">(pesu, leikkaus, kevyt muotoilu f\u00f6\u00f6nill\u00e4)<\/span><\/td>\n<td>24-28-30*<\/td>\n<\/tr>\n<tr>\n<td>Latvojen tasoitus (pesu, latvojen leikkaus, kevyt muotoilu f\u00f6\u00f6nill\u00e4)<\/td>\n<td>20*<\/td>\n<\/tr>\n<tr>\n<td>Enint\u00e4\u00e4n 3-vuotiaiden tytt\u00f6jen hiustenleikkaus<\/td>\n<td>15<\/td>\n<\/tr>\n<tr>\n<td>Enint\u00e4\u00e4n 12- vuotiaiden tytt\u00f6jen hiustenleikkaus<\/td>\n<td>17<\/td>\n<\/tr>\n<tr>\n<td>Otsatukan leikkaus<\/td>\n<td>8<\/td>\n<\/tr>\n<tr>\n<td><\/td>\n<td><\/td>\n<\/tr>\n<tr>\n<td><\/td>\n<td><\/td>\n<\/tr>\n<tr>\n<td>Pesu ja muotoilu f\u00f6\u00f6nill\u00e4<\/td>\n<td>20-25*<\/td>\n<\/tr>\n<tr>\n<td>Pesu ja hiusten suoritus<\/td>\n<td>20-25*<\/td>\n<\/tr>\n<tr>\n<td>Pesu ja muotoilu kiharruspuikolla<\/td>\n<td>20-30*<\/td>\n<\/tr>\n<tr>\n<td><\/td>\n<td><\/td>\n<\/tr>\n<tr>\n<td><\/td>\n<td><\/td>\n<\/tr>\n<tr>\n<td><\/td>\n<td>*lyhyet\/keskpitk\u00e4t\/pitk\u00e4t\/eritt\u00e4in pitk\u00e4t<\/td>\n<\/tr>\n<tr>\n<td><span style=\"color: #8e61c9;\">Kampaamopalvelut naisille<span style=\"font-family: inherit; font-size: inherit;\">\/kampaaja Kristina Taimre, Jelena Jakovleva<\/span><\/span><\/td>\n<td><\/td>\n<\/tr>\n<tr>\n<td>\n<table style=\"height: 650px;\" width=\"643\">\n<tbody>\n<tr>\n<td>Leikkaus (pesu, leikkaus, kevyt \u00a0 muotoilu f\u00f6\u00f6nill\u00e4) &#8211; kampaaja Kristina Taimre. \u00a0 \u00a0 \u00a0 \u00a0 \u00a0 \u00a0 \u00a0 \u00a0 \u00a0 \u00a0 \u00a0 \u00a0 \u00a0 \u00a0 \u00a0 \u00a0 \u00a0 \u00a0 \u00a0 \u00a0 \u00a0 \u00a0 \u00a0 \u00a0 \u00a0 \u00a0 \u00a0 \u00a024\/28\/32\/38*Leikkaus &#8211; kampaaja Jelena Jakovleva \u00a0 \u00a0 \u00a0 \u00a0 \u00a0 \u00a0 \u00a0 \u00a030-50<\/td>\n<td><\/td>\n<\/tr>\n<tr>\n<td>Latvojen tasoitus (pesu, latvojen leikkaus, kevyt muotoilu f\u00f6\u00f6nill\u00e4)<\/td>\n<td>20-24*<\/td>\n<\/tr>\n<tr>\n<td>Enint\u00e4\u00e4n 3-vuotiaiden tytt\u00f6jen hiustenleikkaus<\/td>\n<td>14<\/td>\n<\/tr>\n<tr>\n<td>Enint\u00e4\u00e4n 12- vuotiaiden tytt\u00f6jen hiustenleikkaus<\/td>\n<td>20<\/td>\n<\/tr>\n<tr>\n<td>Otsatukan leikkaus<\/td>\n<td>7-10<\/td>\n<\/tr>\n<tr>\n<td>Pesu ja muotoilu f\u00f6\u00f6nill\u00e4<\/td>\n<td>20\/22\/25\/30*<\/td>\n<\/tr>\n<tr>\n<td>Pesu ja hiusten suoritus<\/td>\n<td>20\/24\/27\/32*<\/td>\n<\/tr>\n<tr>\n<td>Pesu ja muotoilu kiharruspuikolla<\/td>\n<td>24\/28\/30\/40*<\/td>\n<\/tr>\n<tr>\n<td>Pesu ja muotoilu papiljoteilla<\/td>\n<td>21\/24\/27\/32*<\/td>\n<\/tr>\n<tr>\n<td>Juhlakampaus<\/td>\n<td>26\/32\/35\/50*<\/td>\n<\/tr>\n<tr>\n<td><\/td>\n<td>*lyhyet\/keskpitk\u00e4t\/pitk\u00e4t\/eritt\u00e4in pitk\u00e4t<\/td>\n<\/tr>\n<tr>\n<td><\/td>\n<td><\/td>\n<\/tr>\n<tr>\n<td><\/td>\n<td><\/td>\n<\/tr>\n<tr>\n<td><\/td>\n<td><\/td>\n<\/tr>\n<tr>\n<td><\/td>\n<td><\/td>\n<\/tr>\n<\/tbody>\n<\/table>\n<\/td>\n<td><\/td>\n<\/tr>\n<\/tbody>\n<\/table>\n<p>[\/vc_column_text][\/vc_column_inner][\/vc_row_inner][\/vc_accordion_tab][vc_accordion_tab title=&#8221;Hiusten v\u00e4rj\u00e4ys, raidat, kemiallinen permanentti\/ \u00a0kampaaja Jelena Eidemiller<\/p>\n<p>Goldwell\/ Schwarzkopf\/ Cutrin\/\u00a0Tahe\/ Macadamia\/Olaplex in aineilla&#8221;][vc_row_inner][vc_column_inner][vc_column_text]<\/p>\n<table style=\"height: 1678px;\" width=\"984\">\n<tbody>\n<tr>\n<td>Hiusten v\u00e4rj\u00e4ys <span style=\"color: #666666;\">(pesu, v\u00e4ri, muotoilu)<a href=\"https:\/\/www.naturel.ee\/ru\/goldwell\/\">(<span style=\"text-decoration: underline;\">lis\u00e4tietoja Goldwellist\u00e4<\/span><\/a><\/span><\/td>\n<td>40-55*<\/td>\n<\/tr>\n<tr>\n<td>V\u00e4rj\u00e4ys ja leikkaus <span style=\"color: #666666;\">(pesu, v\u00e4ri, leikkaus, muotoilu)<\/span><\/td>\n<td>50-65*<\/td>\n<\/tr>\n<tr>\n<td>Enint\u00e4\u00e4n 2 cm pituisten juurten v\u00e4rj\u00e4ys <span style=\"color: #666666;\">(pesu, v\u00e4ri, muotoilu)<\/span><\/td>\n<td>35-45*<\/td>\n<\/tr>\n<tr>\n<td>Enint\u00e4\u00e4n 2 cm pituisten juurten v\u00e4rj\u00e4ys ja leikkaus <span style=\"color: #666666;\">(pesu, v\u00e4ri, leikkaus, muotoilu)<\/span><\/td>\n<td>45-55*<\/td>\n<\/tr>\n<tr>\n<td>V\u00e4rj\u00e4tt\u00e4ess\u00e4 Elumen-v\u00e4reill\u00e4 hintoihin lis\u00e4t\u00e4\u00e4n<\/td>\n<td>+12-16*<\/td>\n<\/tr>\n<tr>\n<td>Raidoitus <span style=\"color: #666666;\">(pesu, raidoitus, muotoilu)<\/span><\/td>\n<td>40-65*<\/td>\n<\/tr>\n<tr>\n<td>Raidoitus ja leikkaus <span style=\"color: #666666;\">(pesu, raidoitus, leikkaus, muotoilu)<\/span><\/td>\n<td>50-75*<\/td>\n<\/tr>\n<tr>\n<td>Raidoitus \u0438 enint\u00e4\u00e4n 2 cm pituisten juurten v\u00e4rj\u00e4ys <span style=\"color: #666666;\">(pesu, raidoitus, v\u00e4ri, muotoilu)<\/span><\/td>\n<td>45-70*<\/td>\n<\/tr>\n<tr>\n<td>Raidoitus, enint\u00e4\u00e4n 2 cm pituisten juurten v\u00e4rj\u00e4ys ja leikkaus\u00a0<span style=\"color: #666666;\">(pesu, radoitus, v\u00e4ri, leikkaus, muotoilu)<\/span><\/td>\n<td>60-85*<\/td>\n<\/tr>\n<tr>\n<td><\/td>\n<td><\/td>\n<\/tr>\n<tr>\n<td><\/td>\n<td><\/td>\n<\/tr>\n<tr>\n<td><\/td>\n<td><\/td>\n<\/tr>\n<tr>\n<td>Kemiallinen permanentti <span style=\"color: #666666;\">(pesu, kemiallinen permanentti, muotoilu)<\/span><\/td>\n<td>40-60*<\/td>\n<\/tr>\n<tr>\n<td>Kemiallinen permanentti ja leikkaus <span style=\"color: #666666;\">(pesu, kemiallinen permanentti, leikkaus, muotoilu)<\/span><\/td>\n<td>50-80*<\/td>\n<\/tr>\n<tr>\n<td><\/td>\n<td><\/td>\n<\/tr>\n<tr>\n<td><\/td>\n<td>*lyhyet\/keskpitk\u00e4t\/pitk\u00e4t\/eritt\u00e4in pitk\u00e4t<\/td>\n<\/tr>\n<tr>\n<td><span style=\"color: #8e62cc;\">Hiusten v\u00e4rj\u00e4ys, raidat, kemiallinen permanentti\/<span style=\"font-family: inherit; font-size: inherit;\">kampaaja Kristina Taimre, Jelena Jakovleva<\/span><\/span><\/td>\n<td><\/td>\n<\/tr>\n<tr>\n<td>\n<table style=\"height: 1139px;\" width=\"758\">\n<tbody>\n<tr>\n<td>Hiusten v\u00e4rj\u00e4ys (pesu, v\u00e4ri, muotoilu)<\/td>\n<td>40\/45\/50\/55-65*<\/td>\n<\/tr>\n<tr>\n<td>V\u00e4rj\u00e4ys ja leikkaus (pesu, v\u00e4ri, leikkaus, muotoilu)<\/td>\n<td>50\/55\/60\/75*<\/td>\n<\/tr>\n<tr>\n<td>Enint\u00e4\u00e4n 2 cm pituisten juurten v\u00e4rj\u00e4ys (pesu, v\u00e4ri, muotoilu)<\/td>\n<td>35\/40\/45\/50-60*<\/td>\n<\/tr>\n<tr>\n<td>Enint\u00e4\u00e4n 2 cm pituisten juurten v\u00e4rj\u00e4ys ja leikkaus (pesu, v\u00e4ri, leikkaus, muotoilu)<\/td>\n<td>45\/50\/55\/60-70*<\/td>\n<\/tr>\n<tr>\n<td>Raidoitus (pesu, raidoitus, muotoilu)<\/td>\n<td>45\/50\/60-90*<\/td>\n<\/tr>\n<tr>\n<td>Raidoitus ja leikkaus (pesu, raidoitus, leikkaus, muotoilu)<\/td>\n<td>55\/60\/70\/80-90*<\/td>\n<\/tr>\n<tr>\n<td>Raidoitus \u0438 enint\u00e4\u00e4n 2 cm pituisten juurten v\u00e4rj\u00e4ys (pesu, raidoitus, v\u00e4ri, muotoilu)<\/td>\n<td>55\/65\/70\/80-90*<\/td>\n<\/tr>\n<tr>\n<td>Raidoitus, enint\u00e4\u00e4n 2 cm pituisten juurten v\u00e4rj\u00e4ys ja leikkaus\u00a0(pesu, radoitus, v\u00e4ri, leikkaus, muotoilu)<\/td>\n<td>55\/60\/70\/80-90*<\/td>\n<\/tr>\n<tr>\n<td>Raidoitus ja hiusten v\u00e4rj\u00e4ys\u00a0(pesu, v\u00e4ri, raidoitus, muotoilu)<\/td>\n<td>55\/60\/70\/80-90*<\/td>\n<\/tr>\n<tr>\n<td>Raidoitus, hiusten v\u00e4rj\u00e4ys ja leikkaus\u00a0(pesu, v\u00e4ri, raidoitus, leikkaus, muotoilu)<\/td>\n<td>60\/70\/85-100*<\/td>\n<\/tr>\n<tr>\n<td>Kemiallinen permanentti (pesu, kemiallinen permanentti, muotoilu)<\/td>\n<td>45\/55\/70-90*<\/td>\n<\/tr>\n<tr>\n<td>Kemiallinen permanentti ja leikkaus (pesu, kemiallinen permanentti, leikkaus, muotoilu)<\/td>\n<td>50\/60\/75-95*<\/td>\n<\/tr>\n<tr>\n<td><\/td>\n<td><\/td>\n<\/tr>\n<tr>\n<td><\/td>\n<td>*lyhyet\/keskpitk\u00e4t\/pitk\u00e4t\/eritt\u00e4in pitk\u00e4t<\/td>\n<\/tr>\n<tr>\n<td><\/td>\n<td><\/td>\n<\/tr>\n<tr>\n<td><\/td>\n<td><\/td>\n<\/tr>\n<\/tbody>\n<\/table>\n<\/td>\n<td><\/td>\n<\/tr>\n<\/tbody>\n<\/table>\n<p>[\/vc_column_text][\/vc_column_inner][\/vc_row_inner][\/vc_accordion_tab][vc_accordion_tab title=&#8221;Kasvojen kauneudenhoitotoimenpiteet&#8221;][vc_row_inner][vc_column_inner][vc_column_text]<\/p>\n<table style=\"height: 491px;\" width=\"705\">\n<tbody>\n<tr>\n<td><\/td>\n<td><\/td>\n<\/tr>\n<tr>\n<td><\/td>\n<td><\/td>\n<\/tr>\n<tr>\n<td><\/td>\n<td><\/td>\n<\/tr>\n<tr>\n<td><\/td>\n<td><\/td>\n<\/tr>\n<tr>\n<td><\/td>\n<td><\/td>\n<\/tr>\n<tr>\n<td><\/td>\n<td><\/td>\n<\/tr>\n<tr>\n<td><\/td>\n<td><\/td>\n<\/tr>\n<tr>\n<td><\/td>\n<td><\/td>\n<\/tr>\n<tr>\n<td><\/td>\n<td><\/td>\n<\/tr>\n<tr>\n<td>Express Hiro hieronta 30 min.<\/td>\n<td>30<\/td>\n<\/tr>\n<tr>\n<td>Hiro hieronta 45 min. (kasvot+dekoltee) voitella tai voilla<\/td>\n<td>45<\/td>\n<\/tr>\n<tr>\n<td><\/td>\n<td><\/td>\n<\/tr>\n<tr>\n<td><\/td>\n<td><\/td>\n<\/tr>\n<tr>\n<td>Nuorentava kasvohoito -alginaattinaamiolla \/ kasvojen ja dekolteen hieronnalla 80 min<\/td>\n<td>60<\/td>\n<\/tr>\n<tr>\n<td>Nuorentava kasvohoito -alginaattinaamiolla +AHA haped \/ kasvojen ja dekolteen hieronnalla 80 min<\/td>\n<td>65\/80<\/td>\n<\/tr>\n<tr>\n<td><\/td>\n<td><\/td>\n<\/tr>\n<tr>\n<td><\/td>\n<td><\/td>\n<\/tr>\n<tr>\n<td><\/td>\n<td><\/td>\n<\/tr>\n<\/tbody>\n<\/table>\n<p>[\/vc_column_text][\/vc_column_inner][\/vc_row_inner][\/vc_accordion_tab][vc_accordion_tab title=&#8221;Kasvojen kauneudenhoitotoimenpiteet \/ Academie&#8221;][vc_row_inner][vc_column_inner][vc_column_text]<\/p>\n<table>\n<tbody>\n<tr>\n<td><\/td>\n<td><\/td>\n<\/tr>\n<tr>\n<td>Age Pro hoito kasvojen ja dekolteen hieronnalla \u00a0\/ 90 min.<\/td>\n<td>65<\/td>\n<\/tr>\n<tr>\n<td>Kiinteytt\u00e4v\u00e4 hoito kasvojen ja dekolteen hieronnan kera alginaattinaamiolla \/ 90 min.<\/td>\n<td>65<\/td>\n<\/tr>\n<tr>\n<td><\/td>\n<td><\/td>\n<\/tr>\n<tr>\n<td><\/td>\n<td><\/td>\n<\/tr>\n<tr>\n<td><\/td>\n<td><\/td>\n<\/tr>\n<tr>\n<td><span style=\"font-family: inherit; font-size: inherit;\">\u00a0<\/span><\/td>\n<td><\/td>\n<\/tr>\n<tr>\n<td><\/td>\n<td><\/td>\n<\/tr>\n<tr>\n<td><\/td>\n<td><\/td>\n<\/tr>\n<\/tbody>\n<\/table>\n<p>[\/vc_column_text][\/vc_column_inner][\/vc_row_inner][\/vc_accordion_tab][vc_accordion_tab title=&#8221;&#8221;][vc_column_text]<\/p>\n<table style=\"height: 157px;\" width=\"407\">\n<tbody>\n<tr>\n<td><\/td>\n<td><\/td>\n<\/tr>\n<tr>\n<td><\/td>\n<td><\/td>\n<\/tr>\n<tr>\n<td><\/td>\n<td><\/td>\n<\/tr>\n<tr>\n<td><\/td>\n<td><\/td>\n<\/tr>\n<tr>\n<td><\/td>\n<td><\/td>\n<\/tr>\n<\/tbody>\n<\/table>\n<p>[\/vc_column_text][\/vc_accordion_tab][vc_accordion_tab title=&#8221;.&#8221;][vc_column_text]<\/p>\n<table style=\"height: 133px;\" width=\"452\">\n<tbody>\n<tr>\n<td><\/td>\n<td><\/td>\n<\/tr>\n<tr>\n<td><\/td>\n<td><\/td>\n<\/tr>\n<tr>\n<td><\/td>\n<td><\/td>\n<\/tr>\n<\/tbody>\n<\/table>\n<p>[\/vc_column_text][\/vc_accordion_tab][vc_accordion_tab title=&#8221;Depilation&#8221;][vc_row_inner][vc_column_inner][vc_column_text]<\/p>\n<table style=\"height: 140px;\" width=\"514\">\n<tbody>\n<tr>\n<td>Brasilialainen bikini (t\u00e4ydellinen) \/Brazilian bikini wax<\/td>\n<td>23<\/td>\n<\/tr>\n<tr>\n<td>Jalat kogu pituudelta \/Legs (full length)<\/td>\n<td>25<\/td>\n<\/tr>\n<tr>\n<td><\/td>\n<td><\/td>\n<\/tr>\n<tr>\n<td><\/td>\n<td><\/td>\n<\/tr>\n<tr>\n<td><\/td>\n<td><\/td>\n<\/tr>\n<\/tbody>\n<\/table>\n<p>[\/vc_column_text][\/vc_column_inner][\/vc_row_inner][\/vc_accordion_tab][vc_accordion_tab title=&#8221;Kulmat ja ripset&#8221;][vc_row_inner][vc_column_inner][vc_column_text]<\/p>\n<table style=\"height: 290px;\" width=\"535\">\n<tbody>\n<tr>\n<td>Ripsien v\u00e4rj\u00e4ys<\/td>\n<td>8<\/td>\n<\/tr>\n<tr>\n<td>Kulmakarvojen v\u00e4rj\u00e4ys +kulmakarvojen korjaus<\/td>\n<td>17<\/td>\n<\/tr>\n<tr>\n<td>Ripsien v\u00e4rj\u00e4ys+kulmakarvojen v\u00e4rj\u00e4ys+kulmakarvojen korjaus<\/td>\n<td>22<\/td>\n<\/tr>\n<tr>\n<td><\/td>\n<td><\/td>\n<\/tr>\n<tr>\n<td>\u00a0 \u00a0 \u00a0 \u00a0 \u00a0 \u00a0 \u00a0 \u00a0 \u00a0 \u00a0 \u00a0 \u00a0 \u00a0 \u00a0 \u00a0 \u00a0 \u00a0 \u00a0 \u00a0\u00a0<span style=\"color: #666666;\"> \u00a0\u00a0<\/span><\/td>\n<td><\/td>\n<\/tr>\n<\/tbody>\n<\/table>\n<p>[\/vc_column_text][\/vc_column_inner][\/vc_row_inner][\/vc_accordion_tab][vc_accordion_tab title=&#8221;\u041canikyyri . Pedikyyri . \/ Irina&#8221;][vc_row_inner][vc_column_inner][vc_column_text]<\/p>\n<table>\n<tbody>\n<tr>\n<td>\u041c\u0430nikyyri ilman lakkaa, lakalla<\/td>\n<td>25<\/td>\n<\/tr>\n<tr>\n<td>Ranskalainen manikyyri \/ pedikyyri<\/td>\n<td>+2<\/td>\n<\/tr>\n<tr>\n<td>Manikyyri geelilakalla<\/td>\n<td>28<\/td>\n<\/tr>\n<tr>\n<td>\u041c\u0430nikyyri miehille<\/td>\n<td>25<\/td>\n<\/tr>\n<tr>\n<td>Parafiinihoito k\u00e4sille <span style=\"color: #666666;\">(kuorinta, parafiiniterapia, hieronta, voi , voide)<\/span><\/td>\n<td>+10<\/td>\n<\/tr>\n<tr>\n<td>Geelilakan poisto geelilaka<\/td>\n<td>10<\/td>\n<\/tr>\n<tr>\n<td>Pedikyyri ilman lakkaa, lakalla<\/td>\n<td>35<\/td>\n<\/tr>\n<tr>\n<td>Pedikyyri geelilakalla<\/td>\n<td>40<\/td>\n<\/tr>\n<tr>\n<td>Geelilakan poisto<\/td>\n<td>12<\/td>\n<\/tr>\n<tr>\n<td><\/td>\n<td><\/td>\n<\/tr>\n<tr>\n<td><\/td>\n<td><\/td>\n<\/tr>\n<tr>\n<td><\/td>\n<td><\/td>\n<\/tr>\n<tr>\n<td>Kynsien koristelu \u043d\u043e\u0433\u0442\u044f <span style=\"color: #999999;\">(SW-kristalli, 1 kpl.)<\/span><\/td>\n<td>0,30<\/td>\n<\/tr>\n<tr>\n<td>+<span style=\"color: #666666;\">parafiiniterapia<\/span><\/td>\n<td>+10<\/td>\n<\/tr>\n<tr>\n<td>Kynsien geelipidennys \/ Ranskalainen Kynsien geelipidennys<\/td>\n<td>45<\/td>\n<\/tr>\n<tr>\n<td>Geelikynsien korjaus<\/td>\n<td>35<\/td>\n<\/tr>\n<tr>\n<td>Geelikynsien poisto<\/td>\n<td>11<\/td>\n<\/tr>\n<tr>\n<td>Yhden kynnen korjaus<\/td>\n<td>3<\/td>\n<\/tr>\n<tr>\n<td>Yhden kynnen vaihto<\/td>\n<td>4<\/td>\n<\/tr>\n<\/tbody>\n<\/table>\n<p>[\/vc_column_text][\/vc_column_inner][\/vc_row_inner][\/vc_accordion_tab][vc_accordion_tab title=&#8221;\u041canikyyri .Pedikyyri \/ Niina&#8221;][vc_row_inner][vc_column_inner][vc_column_text]<\/p>\n<table style=\"height: 373px;\" width=\"337\">\n<tbody>\n<tr>\n<td>\u041c\u0430nikyyri ilman lakkaa, lakalla<\/td>\n<td>20<\/td>\n<\/tr>\n<tr>\n<td>Manikyyri geelilakalla<\/td>\n<td>30<\/td>\n<\/tr>\n<tr>\n<td>Miesten manikyyri<\/td>\n<td>25<\/td>\n<\/tr>\n<tr>\n<td>Ranskalainen manikyyri \/ pedikyyri<\/td>\n<td>+2<\/td>\n<\/tr>\n<tr>\n<td>Geelilakan poisto geelilaka \u00a0\/<span style=\"color: #666666;\">parafiiniterapia<\/span><\/td>\n<td>10 \/10<\/td>\n<\/tr>\n<tr>\n<td>Pedikyyri ilman lakkaa, lakalla \/ probleemne pedikyyri<\/td>\n<td>30\/al.40<\/td>\n<\/tr>\n<tr>\n<td>Pedikyyri geelilakalla\/ Miesten pedikyyri<\/td>\n<td>40<\/td>\n<\/tr>\n<tr>\n<td>Geelilakan poisto<\/td>\n<td>12<\/td>\n<\/tr>\n<tr>\n<td>Geelk\u00fc\u00fcnte paigaldus\/ geelk\u00fc\u00fcnte holds<\/td>\n<td>45\/35<\/td>\n<\/tr>\n<\/tbody>\n<\/table>\n<\/section>","protected":false},"excerpt":{"rendered":"<p>[vc_row][vc_column][vc_accordion active_tab=&#8221;false&#8221; collapsible=&#8221;yes&#8221;][vc_accordion_tab title=&#8221;Parturipalvelut miehille\/ kampaaja Jelena Eidemiller &#8221;][vc_row_inner][vc_column_inner][vc_column_text] Leikkaus koneella 14 \u041callikampaus\u00a0(pesu, mallikampaus, muotoilu) 20 Harmaiden hiusten s\u00e4vytys Goldwell MEN RESHADE\u00a0( 5 min.)\u00a0 15 Viiksien tasoitus\/Parran tasoitus 7\/7 Hiustenleikkaus pojile enint\u00e4\u00e4n 3-vuotiaille\/12-vuotiaille 10\/14 Parturipalvelut miehille\/kampaaja Kristina Taimre, Jelena Jakovleva Leikkaus koneella 15 \u041callikampaus\u00a0(pesu, mallikampaus, muotoilu) 20-22 Viiksien tasoitus\/Parran tasoitus 10\/10 Hiustenleikkaus pojile enint\u00e4\u00e4n 3-vuotiaille\/12-vuotiaille [&hellip;]<\/p>\n","protected":false},"author":1,"featured_media":0,"parent":0,"menu_order":0,"comment_status":"closed","ping_status":"closed","template":"page-onepage.php","meta":{"footnotes":""},"class_list":["post-1151","page","type-page","status-publish","hentry"],"aioseo_notices":[],"_links":{"self":[{"href":"https:\/\/www.naturel.ee\/fi\/wp-json\/wp\/v2\/pages\/1151","targetHints":{"allow":["GET"]}}],"collection":[{"href":"https:\/\/www.naturel.ee\/fi\/wp-json\/wp\/v2\/pages"}],"about":[{"href":"https:\/\/www.naturel.ee\/fi\/wp-json\/wp\/v2\/types\/page"}],"author":[{"embeddable":true,"href":"https:\/\/www.naturel.ee\/fi\/wp-json\/wp\/v2\/users\/1"}],"replies":[{"embeddable":true,"href":"https:\/\/www.naturel.ee\/fi\/wp-json\/wp\/v2\/comments?post=1151"}],"version-history":[{"count":172,"href":"https:\/\/www.naturel.ee\/fi\/wp-json\/wp\/v2\/pages\/1151\/revisions"}],"predecessor-version":[{"id":3494,"href":"https:\/\/www.naturel.ee\/fi\/wp-json\/wp\/v2\/pages\/1151\/revisions\/3494"}],"wp:attachment":[{"href":"https:\/\/www.naturel.ee\/fi\/wp-json\/wp\/v2\/media?parent=1151"}],"curies":[{"name":"wp","href":"https:\/\/api.w.org\/{rel}","templated":true}]}}